{"id":1803,"date":"2021-03-02T21:00:05","date_gmt":"2021-03-02T21:00:05","guid":{"rendered":"https:\/\/anamarija.smartingo.com\/unser-angebot\/"},"modified":"2021-03-15T11:40:05","modified_gmt":"2021-03-15T11:40:05","slug":"unser-angebot","status":"publish","type":"page","link":"https:\/\/mardeluxe-apartments.com\/de\/unser-angebot\/","title":{"rendered":"Unser Angebot"},"content":{"rendered":"\t\t<div data-elementor-type=\"wp-page\" data-elementor-id=\"1803\" class=\"elementor elementor-1803 elementor-659\" data-elementor-settings=\"[]\">\n\t\t\t\t\t\t<div class=\"elementor-inner\">\n\t\t\t\t\t\t\t<div class=\"elementor-section-wrap\">\n\t\t\t\t\t\t\t<section class=\"elementor-section elementor-top-section elementor-element elementor-element-42f5cee0 elementor-section-boxed elementor-section-height-default elementor-section-height-default\" data-id=\"42f5cee0\" data-element_type=\"section\">\n\t\t\t\t\t\t<div class=\"elementor-container elementor-column-gap-default\">\n\t\t\t\t\t\t\t<div class=\"elementor-row\">\n\t\t\t\t\t<div class=\"elementor-column elementor-col-100 elementor-top-column elementor-element elementor-element-391cb65e\" data-id=\"391cb65e\" data-element_type=\"column\">\n\t\t\t<div class=\"elementor-column-wrap elementor-element-populated\">\n\t\t\t\t\t\t\t<div class=\"elementor-widget-wrap\">\n\t\t\t\t\t\t<div class=\"elementor-element elementor-element-4cbc50d elementor-widget elementor-widget-heading\" data-id=\"4cbc50d\" data-element_type=\"widget\" data-widget_type=\"heading.default\">\n\t\t\t\t<div class=\"elementor-widget-container\">\n\t\t\t<h2 class=\"elementor-heading-title elementor-size-default\">Moderne und sorgf\u00e4ltig eingerichtete Mar deLux Apartments<\/h2>\t\t<\/div>\n\t\t\t\t<\/div>\n\t\t\t\t<div class=\"elementor-element elementor-element-5fe80b3f elementor-widget elementor-widget-text-editor\" data-id=\"5fe80b3f\" data-element_type=\"widget\" data-widget_type=\"text-editor.default\">\n\t\t\t\t<div class=\"elementor-widget-container\">\n\t\t\t\t\t<div class=\"elementor-text-editor elementor-clearfix\"><p style=\"text-align: center;\"><em>Wir sind bereit f\u00fcr die kommende Saison! Unsere neu eingef\u00fchrten strengen Sicherheits- und Hygieneprozeduren wurden eingef\u00fchrt, um den Anforderungen der \u00f6rtlichen Beh\u00f6rden nachzukommen.<\/em><\/p><p style=\"text-align: center;\">Die Apartments Mar deLux befinden sich in einer fantastischen Lage und bieten einen atemberaubenden Panoramablick auf die Insel \u010ciovo, die Inseln Drvenik und die Bucht von Medena. Sie liegen nur 30 m vom Strand entfernt.<\/p><p style=\"text-align: center;\">Drei voll ausgestattete moderne Apartments, mit Tageslicht beleuchtet und mit einer entlang des Apartments gelegene Terrasse. Glauben Sie uns, die Aussicht von der Terrasse ist so atemberaubend, dass Sie es wahrscheinlich nie genug kriegen!<\/p><\/div>\n\t\t\t\t<\/div>\n\t\t\t\t<\/div>\n\t\t\t\t<div class=\"elementor-element elementor-element-c062ebb elementor-widget elementor-widget-heading\" data-id=\"c062ebb\" data-element_type=\"widget\" data-widget_type=\"heading.default\">\n\t\t\t\t<div class=\"elementor-widget-container\">\n\t\t\t<h2 class=\"elementor-heading-title elementor-size-default\">BUCHEN SIE JETZT:<\/h2>\t\t<\/div>\n\t\t\t\t<\/div>\n\t\t\t\t\t\t<\/div>\n\t\t\t\t\t<\/div>\n\t\t<\/div>\n\t\t\t\t\t\t\t\t<\/div>\n\t\t\t\t\t<\/div>\n\t\t<\/section>\n\t\t\t\t<section class=\"elementor-section elementor-top-section elementor-element elementor-element-a560da6 elementor-section-boxed elementor-section-height-default elementor-section-height-default\" data-id=\"a560da6\" data-element_type=\"section\">\n\t\t\t\t\t\t<div class=\"elementor-container elementor-column-gap-default\">\n\t\t\t\t\t\t\t<div class=\"elementor-row\">\n\t\t\t\t\t<div class=\"elementor-column elementor-col-33 elementor-top-column elementor-element elementor-element-f682687\" data-id=\"f682687\" data-element_type=\"column\">\n\t\t\t<div class=\"elementor-column-wrap elementor-element-populated\">\n\t\t\t\t\t\t\t<div class=\"elementor-widget-wrap\">\n\t\t\t\t\t\t<div class=\"elementor-element elementor-element-1b83cb2 elementor-widget elementor-widget-text-editor\" data-id=\"1b83cb2\" data-element_type=\"widget\" data-widget_type=\"text-editor.default\">\n\t\t\t\t<div class=\"elementor-widget-container\">\n\t\t\t\t\t<div class=\"elementor-text-editor elementor-clearfix\"><h2 class=\"et_pb_toggle_title\" style=\"text-align: center;\">das apartment 1 (2+2)<\/h2><\/div>\n\t\t\t\t<\/div>\n\t\t\t\t<\/div>\n\t\t\t\t<div class=\"elementor-element elementor-element-b08ca62 elementor-widget elementor-widget-image\" data-id=\"b08ca62\" data-element_type=\"widget\" data-widget_type=\"image.default\">\n\t\t\t\t<div class=\"elementor-widget-container\">\n\t\t\t\t\t<div class=\"elementor-image\">\n\t\t\t\t\t\t\t\t\t\t\t<a href=\"https:\/\/mardeluxe-apartments.com\/de\/unser-angebot\/das-apartment-1-22\/\">\n\t\t\t\t\t\t\t<img width=\"555\" height=\"450\" src=\"https:\/\/mardeluxe-apartments.com\/wp-content\/uploads\/2021\/01\/apartman-1-Expedia-14.jpg\" class=\"attachment-large size-large\" alt=\"\" loading=\"lazy\" srcset=\"https:\/\/mardeluxe-apartments.com\/wp-content\/uploads\/2021\/01\/apartman-1-Expedia-14.jpg 555w, https:\/\/mardeluxe-apartments.com\/wp-content\/uploads\/2021\/01\/apartman-1-Expedia-14-300x243.jpg 300w\" sizes=\"(max-width: 555px) 100vw, 555px\" \/>\t\t\t\t\t\t\t\t<\/a>\n\t\t\t\t\t\t\t\t\t\t\t<\/div>\n\t\t\t\t<\/div>\n\t\t\t\t<\/div>\n\t\t\t\t\t\t<\/div>\n\t\t\t\t\t<\/div>\n\t\t<\/div>\n\t\t\t\t<div class=\"elementor-column elementor-col-33 elementor-top-column elementor-element elementor-element-7cf5434\" data-id=\"7cf5434\" data-element_type=\"column\">\n\t\t\t<div class=\"elementor-column-wrap elementor-element-populated\">\n\t\t\t\t\t\t\t<div class=\"elementor-widget-wrap\">\n\t\t\t\t\t\t<div class=\"elementor-element elementor-element-60f6a9d elementor-widget elementor-widget-text-editor\" data-id=\"60f6a9d\" data-element_type=\"widget\" data-widget_type=\"text-editor.default\">\n\t\t\t\t<div class=\"elementor-widget-container\">\n\t\t\t\t\t<div class=\"elementor-text-editor elementor-clearfix\"><h2 class=\"et_pb_toggle_title\" style=\"text-align: center;\">das apartment 2 (2+2)<\/h2><\/div>\n\t\t\t\t<\/div>\n\t\t\t\t<\/div>\n\t\t\t\t<div class=\"elementor-element elementor-element-84be8d3 elementor-widget elementor-widget-image\" data-id=\"84be8d3\" data-element_type=\"widget\" data-widget_type=\"image.default\">\n\t\t\t\t<div class=\"elementor-widget-container\">\n\t\t\t\t\t<div class=\"elementor-image\">\n\t\t\t\t\t\t\t\t\t\t\t<a href=\"https:\/\/mardeluxe-apartments.com\/de\/unser-angebot\/das-apartment-2-22\/\">\n\t\t\t\t\t\t\t<img width=\"555\" height=\"450\" src=\"https:\/\/mardeluxe-apartments.com\/wp-content\/uploads\/2021\/01\/apartman-2-Velike-14.jpg\" class=\"attachment-large size-large\" alt=\"\" loading=\"lazy\" srcset=\"https:\/\/mardeluxe-apartments.com\/wp-content\/uploads\/2021\/01\/apartman-2-Velike-14.jpg 555w, https:\/\/mardeluxe-apartments.com\/wp-content\/uploads\/2021\/01\/apartman-2-Velike-14-300x243.jpg 300w\" sizes=\"(max-width: 555px) 100vw, 555px\" \/>\t\t\t\t\t\t\t\t<\/a>\n\t\t\t\t\t\t\t\t\t\t\t<\/div>\n\t\t\t\t<\/div>\n\t\t\t\t<\/div>\n\t\t\t\t\t\t<\/div>\n\t\t\t\t\t<\/div>\n\t\t<\/div>\n\t\t\t\t<div class=\"elementor-column elementor-col-33 elementor-top-column elementor-element elementor-element-1f1a480\" data-id=\"1f1a480\" data-element_type=\"column\">\n\t\t\t<div class=\"elementor-column-wrap elementor-element-populated\">\n\t\t\t\t\t\t\t<div class=\"elementor-widget-wrap\">\n\t\t\t\t\t\t<div class=\"elementor-element elementor-element-662612d elementor-widget elementor-widget-text-editor\" data-id=\"662612d\" data-element_type=\"widget\" data-widget_type=\"text-editor.default\">\n\t\t\t\t<div class=\"elementor-widget-container\">\n\t\t\t\t\t<div class=\"elementor-text-editor elementor-clearfix\"><h2 class=\"et_pb_toggle_title\" style=\"text-align: center;\">das apartment 3 (2+2)<\/h2><\/div>\n\t\t\t\t<\/div>\n\t\t\t\t<\/div>\n\t\t\t\t<div class=\"elementor-element elementor-element-4d122ea elementor-widget elementor-widget-image\" data-id=\"4d122ea\" data-element_type=\"widget\" data-widget_type=\"image.default\">\n\t\t\t\t<div class=\"elementor-widget-container\">\n\t\t\t\t\t<div class=\"elementor-image\">\n\t\t\t\t\t\t\t\t\t\t\t<a href=\"https:\/\/mardeluxe-apartments.com\/de\/unser-angebot\/das-apartment-3-22\/\">\n\t\t\t\t\t\t\t<img width=\"555\" height=\"450\" src=\"https:\/\/mardeluxe-apartments.com\/wp-content\/uploads\/2021\/01\/apartman-3-Velike-7.jpg\" class=\"attachment-large size-large\" alt=\"\" loading=\"lazy\" srcset=\"https:\/\/mardeluxe-apartments.com\/wp-content\/uploads\/2021\/01\/apartman-3-Velike-7.jpg 555w, https:\/\/mardeluxe-apartments.com\/wp-content\/uploads\/2021\/01\/apartman-3-Velike-7-300x243.jpg 300w\" sizes=\"(max-width: 555px) 100vw, 555px\" \/>\t\t\t\t\t\t\t\t<\/a>\n\t\t\t\t\t\t\t\t\t\t\t<\/div>\n\t\t\t\t<\/div>\n\t\t\t\t<\/div>\n\t\t\t\t\t\t<\/div>\n\t\t\t\t\t<\/div>\n\t\t<\/div>\n\t\t\t\t\t\t\t\t<\/div>\n\t\t\t\t\t<\/div>\n\t\t<\/section>\n\t\t\t\t<section class=\"elementor-section elementor-top-section elementor-element elementor-element-2c5186d elementor-section-boxed elementor-section-height-default elementor-section-height-default\" data-id=\"2c5186d\" data-element_type=\"section\">\n\t\t\t\t\t\t<div class=\"elementor-container elementor-column-gap-default\">\n\t\t\t\t\t\t\t<div class=\"elementor-row\">\n\t\t\t\t\t<div class=\"elementor-column elementor-col-100 elementor-top-column elementor-element elementor-element-966cfe0\" data-id=\"966cfe0\" data-element_type=\"column\">\n\t\t\t<div class=\"elementor-column-wrap elementor-element-populated\">\n\t\t\t\t\t\t\t<div class=\"elementor-widget-wrap\">\n\t\t\t\t\t\t<div class=\"elementor-element elementor-element-da0abff elementor-widget elementor-widget-text-editor\" data-id=\"da0abff\" data-element_type=\"widget\" data-widget_type=\"text-editor.default\">\n\t\t\t\t<div class=\"elementor-widget-container\">\n\t\t\t\t\t<div class=\"elementor-text-editor elementor-clearfix\"><p style=\"text-align: center;\">Alle drei Mar deLux Apartments sind modern und mit gr\u00f6\u00dfter Sorgfalt eingerichtet. Die einzelnen Apartments verf\u00fcgen \u00fcber ein Schlafzimmer, ein Badezimmer, eine K\u00fcche mit allen notwendigen Ger\u00e4ten sowie eine entlang des Apartments gelegene Terrasse oder einen Balkon mit Panoramablick auf das Meer.<\/p><p style=\"text-align: center;\">Wir haben allen unseren G\u00e4sten kostenloses WLAN und Parkpl\u00e4tze zur Verf\u00fcgung gestellt!<\/p><\/div>\n\t\t\t\t<\/div>\n\t\t\t\t<\/div>\n\t\t\t\t\t\t<\/div>\n\t\t\t\t\t<\/div>\n\t\t<\/div>\n\t\t\t\t\t\t\t\t<\/div>\n\t\t\t\t\t<\/div>\n\t\t<\/section>\n\t\t\t\t<section class=\"elementor-section elementor-top-section elementor-element elementor-element-2b2d332 elementor-section-boxed elementor-section-height-default elementor-section-height-default\" data-id=\"2b2d332\" data-element_type=\"section\">\n\t\t\t\t\t\t<div class=\"elementor-container elementor-column-gap-default\">\n\t\t\t\t\t\t\t<div class=\"elementor-row\">\n\t\t\t\t\t<div class=\"elementor-column elementor-col-100 elementor-top-column elementor-element elementor-element-e9029c1\" data-id=\"e9029c1\" data-element_type=\"column\">\n\t\t\t<div class=\"elementor-column-wrap elementor-element-populated\">\n\t\t\t\t\t\t\t<div class=\"elementor-widget-wrap\">\n\t\t\t\t\t\t<div class=\"elementor-element elementor-element-6941be5 elementor-widget elementor-widget-heading\" data-id=\"6941be5\" data-element_type=\"widget\" data-widget_type=\"heading.default\">\n\t\t\t\t<div class=\"elementor-widget-container\">\n\t\t\t<h2 class=\"elementor-heading-title elementor-size-large\">Was sagen unsere G\u00e4ste:<\/h2>\t\t<\/div>\n\t\t\t\t<\/div>\n\t\t\t\t<div class=\"elementor-element elementor-element-128d72b elementor-testimonial--skin-default elementor-testimonial--layout-image_inline elementor-testimonial--align-center elementor-arrows-yes elementor-pagination-type-bullets elementor-widget elementor-widget-testimonial-carousel\" data-id=\"128d72b\" data-element_type=\"widget\" data-settings=\"{&quot;show_arrows&quot;:&quot;yes&quot;,&quot;pagination&quot;:&quot;bullets&quot;,&quot;speed&quot;:500,&quot;autoplay&quot;:&quot;yes&quot;,&quot;autoplay_speed&quot;:5000,&quot;loop&quot;:&quot;yes&quot;,&quot;pause_on_hover&quot;:&quot;yes&quot;,&quot;pause_on_interaction&quot;:&quot;yes&quot;,&quot;space_between&quot;:{&quot;unit&quot;:&quot;px&quot;,&quot;size&quot;:10,&quot;sizes&quot;:[]},&quot;space_between_tablet&quot;:{&quot;unit&quot;:&quot;px&quot;,&quot;size&quot;:10,&quot;sizes&quot;:[]},&quot;space_between_mobile&quot;:{&quot;unit&quot;:&quot;px&quot;,&quot;size&quot;:10,&quot;sizes&quot;:[]}}\" data-widget_type=\"testimonial-carousel.default\">\n\t\t\t\t<div class=\"elementor-widget-container\">\n\t\t\t\t\t<div class=\"elementor-swiper\">\n\t\t\t<div class=\"elementor-main-swiper swiper-container\">\n\t\t\t\t<div class=\"swiper-wrapper\">\n\t\t\t\t\t\t\t\t\t\t\t<div class=\"swiper-slide\">\n\t\t\t\t\t\t\t\t\t<div class=\"elementor-testimonial\">\n\t\t\t\t\t\t\t<div class=\"elementor-testimonial__content\">\n\t\t\t\t\t<div class=\"elementor-testimonial__text\">\n\t\t\t\t\t\t<p><strong>Wir lieben es!\n<\/strong><\/p>\n<p>Zum zweiten Mal in zwei Jahren haben wir die Wohnung von Anamarija und ihrer Familie gew\u00e4hlt. Perfekte Lage, perfekte Unterkunft, blitzsauber und sehr liebensw\u00fcrdige Leute. Wenn wir in der Zukunft nach Trogir zur\u00fcckkehren, werden wir ohne jeden Zweifel Mar deLuxe w\u00e4hlen !\n<\/p>\n\t\t\t\t\t<\/div>\n\t\t\t\t\t\t\t\t\t<\/div>\n\t\t\t\t\t\t<div class=\"elementor-testimonial__footer\">\n\t\t\t\t\t\t\t\t\t<div class=\"elementor-testimonial__image\">\n\t\t\t\t\t\t<img src=\"https:\/\/mardeluxe-apartments.com\/wp-content\/uploads\/2021\/01\/Filip.jpeg\" alt=\"Filip W\">\n\t\t\t\t\t<\/div>\n\t\t\t\t\t\t\t\t<cite class=\"elementor-testimonial__cite\"><span class=\"elementor-testimonial__name\">Filip W<\/span><\/cite>\t\t\t<\/div>\n\t\t<\/div>\n\t\t\t\t\t\t\t\t<\/div>\n\t\t\t\t\t\t\t\t\t\t\t<div class=\"swiper-slide\">\n\t\t\t\t\t\t\t\t\t<div class=\"elementor-testimonial\">\n\t\t\t\t\t\t\t<div class=\"elementor-testimonial__content\">\n\t\t\t\t\t<div class=\"elementor-testimonial__text\">\n\t\t\t\t\t\t<p><strong>Genial ! <\/strong><\/p>\n<p>Fantastische Lage. Ich bin um die ganze Welt gereist und war noch nie in einer so sauberen Unterkunft. Gro\u00dfbritannien sollte sich eine Lektion von Kroatien im Bezug auf das Aussehen seines Landes abgucken.<\/p>\n\t\t\t\t\t<\/div>\n\t\t\t\t\t\t\t\t\t<\/div>\n\t\t\t\t\t\t<div class=\"elementor-testimonial__footer\">\n\t\t\t\t\t\t\t\t\t<div class=\"elementor-testimonial__image\">\n\t\t\t\t\t\t<img src=\"https:\/\/mardeluxe-apartments.com\/wp-content\/uploads\/2021\/01\/geof-carole.jpeg\" alt=\"Geof &amp; Carole-Anne Davies    \">\n\t\t\t\t\t<\/div>\n\t\t\t\t\t\t\t\t<cite class=\"elementor-testimonial__cite\"><span class=\"elementor-testimonial__name\">Geof & Carole-Anne Davies    <\/span><\/cite>\t\t\t<\/div>\n\t\t<\/div>\n\t\t\t\t\t\t\t\t<\/div>\n\t\t\t\t\t\t\t\t\t\t\t<div class=\"swiper-slide\">\n\t\t\t\t\t\t\t\t\t<div class=\"elementor-testimonial\">\n\t\t\t\t\t\t\t<div class=\"elementor-testimonial__content\">\n\t\t\t\t\t<div class=\"elementor-testimonial__text\">\n\t\t\t\t\t\t<p><strong>Ideale Lage\n<\/strong><\/p>\n<p>Hervorragende Wohnung. Ausgezeichnete Lage und wunderbare Aussicht. Der Strand ist 2 Minuten zu Fu\u00df entfernt und kann vom Balkon aus betrachtet werden. Klimatisierter und ein sehr ruhiger kleiner Campingplatz mit einem Laden nebenan. Hat uns sehr gut gefallen.\n<\/p>\n\t\t\t\t\t<\/div>\n\t\t\t\t\t\t\t\t\t<\/div>\n\t\t\t\t\t\t<div class=\"elementor-testimonial__footer\">\n\t\t\t\t\t\t\t\t\t<div class=\"elementor-testimonial__image\">\n\t\t\t\t\t\t<img src=\"https:\/\/mardeluxe-apartments.com\/wp-content\/uploads\/2021\/01\/beverly-uk.jpeg\" alt=\"Beverly, UK    \">\n\t\t\t\t\t<\/div>\n\t\t\t\t\t\t\t\t<cite class=\"elementor-testimonial__cite\"><span class=\"elementor-testimonial__name\">Beverly, UK    <\/span><\/cite>\t\t\t<\/div>\n\t\t<\/div>\n\t\t\t\t\t\t\t\t<\/div>\n\t\t\t\t\t\t\t\t\t\t\t<div class=\"swiper-slide\">\n\t\t\t\t\t\t\t\t\t<div class=\"elementor-testimonial\">\n\t\t\t\t\t\t\t<div class=\"elementor-testimonial__content\">\n\t\t\t\t\t<div class=\"elementor-testimonial__text\">\n\t\t\t\t\t\t<p><strong>\u00dcberraschend und unvergesslich!<\/strong><\/p>\n<p>Wunderbare Lage, in einer \u00fcberragenden Position, von der aus man ein erstaunliches Panorama genie\u00dfen kann. Exzellenter Gastgeber, freundlich und zuvorkommend. Die Wohnung ist modern und hell, gut ausgestattet, und sch\u00f6n m\u00f6bliert. Ich kann es ohne zu z\u00f6gern sehr weiterempfehlen.\n<\/p>\n\t\t\t\t\t<\/div>\n\t\t\t\t\t\t\t\t\t<\/div>\n\t\t\t\t\t\t<div class=\"elementor-testimonial__footer\">\n\t\t\t\t\t\t\t\t\t<div class=\"elementor-testimonial__image\">\n\t\t\t\t\t\t<img src=\"https:\/\/mardeluxe-apartments.com\/wp-content\/uploads\/2021\/01\/brandon.jpeg\" alt=\"Brandon Creek    \">\n\t\t\t\t\t<\/div>\n\t\t\t\t\t\t\t\t<cite class=\"elementor-testimonial__cite\"><span class=\"elementor-testimonial__name\">Brandon Creek    <\/span><\/cite>\t\t\t<\/div>\n\t\t<\/div>\n\t\t\t\t\t\t\t\t<\/div>\n\t\t\t\t\t\t\t\t\t\t\t<div class=\"swiper-slide\">\n\t\t\t\t\t\t\t\t\t<div class=\"elementor-testimonial\">\n\t\t\t\t\t\t\t<div class=\"elementor-testimonial__content\">\n\t\t\t\t\t<div class=\"elementor-testimonial__text\">\n\t\t\t\t\t\t<p><strong>Die beste Ferienunterkunft aller Zeiten\"<\/strong><\/p>\n<p>Wir haben mit unseren beiden Kindern zwei Wochen im Mar deLuxe gewohnt und k\u00f6nnen es mit einem Wort zusammenfassen: Ausgezeichnet! Dies war mit Abstand die sauberste Wohnung, die wir je gesehen haben. Die Aussicht vom Balkon ist gro\u00dfartig, die Promenade, die bis nach Medena f\u00fchrt, ist wundersch\u00f6n, die Einkaufsm\u00f6glichkeiten sind nicht weit entfernt, das Taxiboot, das einen nach Trogir bringt, ist direkt vor der Wohnung und das Meer sowie ein sch\u00f6ner und nicht zu \u00fcberlaufener Strand ist auch direkt vor der T\u00fcr. Die Besitzer wohnen im gleichen Haus, weshalb sie immer da sind, wenn man sie braucht. Sie holten uns sogar vom Flughafen ab und brachten uns auch dorthin zur\u00fcck. F\u00fcr Leute, die einen entspannten Familienurlaub suchen, ist dies der ideale Ort.\n<\/p>\n\t\t\t\t\t<\/div>\n\t\t\t\t\t\t\t\t\t<\/div>\n\t\t\t\t\t\t<div class=\"elementor-testimonial__footer\">\n\t\t\t\t\t\t\t\t\t<div class=\"elementor-testimonial__image\">\n\t\t\t\t\t\t<img src=\"https:\/\/mardeluxe-apartments.com\/wp-content\/uploads\/2021\/01\/fwknuttie.jpeg\" alt=\"Fwknuttie    \">\n\t\t\t\t\t<\/div>\n\t\t\t\t\t\t\t\t<cite class=\"elementor-testimonial__cite\"><span class=\"elementor-testimonial__name\">Fwknuttie    <\/span><\/cite>\t\t\t<\/div>\n\t\t<\/div>\n\t\t\t\t\t\t\t\t<\/div>\n\t\t\t\t\t\t\t\t\t<\/div>\n\t\t\t\t\t\t\t\t\t\t\t\t\t\t\t<div class=\"swiper-pagination\"><\/div>\n\t\t\t\t\t\t\t\t\t\t\t\t\t\t\t\t<div class=\"elementor-swiper-button elementor-swiper-button-prev\">\n\t\t\t\t\t\t\t<i class=\"eicon-chevron-left\" aria-hidden=\"true\"><\/i>\n\t\t\t\t\t\t\t<span class=\"elementor-screen-only\">Previous<\/span>\n\t\t\t\t\t\t<\/div>\n\t\t\t\t\t\t<div class=\"elementor-swiper-button elementor-swiper-button-next\">\n\t\t\t\t\t\t\t<i class=\"eicon-chevron-right\" aria-hidden=\"true\"><\/i>\n\t\t\t\t\t\t\t<span class=\"elementor-screen-only\">Next<\/span>\n\t\t\t\t\t\t<\/div>\n\t\t\t\t\t\t\t\t\t\t\t\t<\/div>\n\t\t<\/div>\n\t\t\t\t<\/div>\n\t\t\t\t<\/div>\n\t\t\t\t\t\t<\/div>\n\t\t\t\t\t<\/div>\n\t\t<\/div>\n\t\t\t\t\t\t\t\t<\/div>\n\t\t\t\t\t<\/div>\n\t\t<\/section>\n\t\t\t\t\t\t<\/div>\n\t\t\t\t\t\t<\/div>\n\t\t\t\t\t<\/div>\n\t\t","protected":false},"excerpt":{"rendered":"<p>Moderne und sorgf\u00e4ltig eingerichtete Mar deLux Apartments Wir sind bereit f\u00fcr die kommende Saison! Unsere neu eingef\u00fchrten strengen Sicherheits- und Hygieneprozeduren wurden eingef\u00fchrt, um den Anforderungen der \u00f6rtlichen Beh\u00f6rden nachzukommen. Die Apartments Mar deLux befinden sich in einer fantastischen Lage und bieten einen atemberaubenden Panoramablick auf die Insel \u010ciovo, die Inseln Drvenik und die Bucht [&hellip;]<\/p>\n","protected":false},"author":1,"featured_media":0,"parent":0,"menu_order":0,"comment_status":"closed","ping_status":"closed","template":"templates\/full-width-page.php","meta":[],"_links":{"self":[{"href":"https:\/\/mardeluxe-apartments.com\/de\/wp-json\/wp\/v2\/pages\/1803"}],"collection":[{"href":"https:\/\/mardeluxe-apartments.com\/de\/wp-json\/wp\/v2\/pages"}],"about":[{"href":"https:\/\/mardeluxe-apartments.com\/de\/wp-json\/wp\/v2\/types\/page"}],"author":[{"embeddable":true,"href":"https:\/\/mardeluxe-apartments.com\/de\/wp-json\/wp\/v2\/users\/1"}],"replies":[{"embeddable":true,"href":"https:\/\/mardeluxe-apartments.com\/de\/wp-json\/wp\/v2\/comments?post=1803"}],"version-history":[{"count":12,"href":"https:\/\/mardeluxe-apartments.com\/de\/wp-json\/wp\/v2\/pages\/1803\/revisions"}],"predecessor-version":[{"id":1886,"href":"https:\/\/mardeluxe-apartments.com\/de\/wp-json\/wp\/v2\/pages\/1803\/revisions\/1886"}],"wp:attachment":[{"href":"https:\/\/mardeluxe-apartments.com\/de\/wp-json\/wp\/v2\/media?parent=1803"}],"curies":[{"name":"wp","href":"https:\/\/api.w.org\/{rel}","templated":true}]}}